{"id":9471,"date":"2021-06-25T12:02:57","date_gmt":"2021-06-25T10:02:57","guid":{"rendered":"https:\/\/lapoderosagoods.spainmotoexperiences.es\/producto\/porte-bagage-bmw-nine-t\/"},"modified":"2026-04-13T12:46:59","modified_gmt":"2026-04-13T10:46:59","slug":"porte-bagage-bmw-nine-t","status":"publish","type":"product","link":"https:\/\/lapoderosagoods.com\/fr\/produit\/porte-bagage-bmw-nine-t\/","title":{"rendered":"Porte Bagage BMW Nine T"},"content":{"rendered":"<div class=\"product-single__description rte\">\n<p class=\"s3\"><span class=\"s2\">Porte-bagages arri\u00e8re en finition Satin Black pour BMW R NineT.<\/span><\/p>\n<p class=\"s3\"><span class=\"s2\">Con\u00e7u <\/span><span class=\"s2\">\u00a0pour visser sur le sous-ch\u00e2ssis arri\u00e8re de tout mod\u00e8le BMW R NINET *\u00a0 <\/span><span class=\"s2\">par des vis.\u00a0<\/span><\/p>\n<p class=\"s3\"><span class=\"s2\">Finition peinture epoxi<\/span><span class=\"s2\">\u00a0haute r\u00e9sistance.<\/span><\/p>\n<p class=\"s3\"><span class=\"s2\">Style Classic\u00a0<\/span><span class=\"s2\">\u00a0et minimaliste, et poign\u00e9e passager utile aussi.<\/span><\/p>\n<p class=\"s3\"><span class=\"s2\">Structure tr\u00e8s solide test\u00e9e sur plus de 3000km avec des charges jusqu&rsquo;\u00e0 6kg .<\/span><\/p>\n<p class=\"s3\"><span class=\"s2\">* Compatible avec les mod\u00e8les suivants :<\/span><\/p>\n<p class=\"s3\"><span class=\"s2\">NINE T <\/span><\/p>\n<p class=\"s3\"><span class=\"s2\">\u00a0NineT Scrambler\u00a0<\/span><\/p>\n<p class=\"s3\"><span class=\"s2\">NineT Urban G \/ S<\/span><\/p>\n<p class=\"s3\"><span class=\"s2\">NineT Pure<\/span><\/p>\n<\/div>\n","protected":false},"excerpt":{"rendered":"<p>Porte-bagages arri\u00e8re en finition Satin Black pour BMW R NineT. Con\u00e7u \u00a0pour visser sur le sous-ch\u00e2ssis arri\u00e8re de tout mod\u00e8le BMW R NINET *\u00a0 par des vis.\u00a0 Finition peinture epoxi\u00a0haute r\u00e9sistance. Style Classic\u00a0\u00a0et minimaliste, et poign\u00e9e passager utile aussi. Structure tr\u00e8s solide test\u00e9e sur plus de 3000km avec des charges jusqu&rsquo;\u00e0 6kg . * Compatible [&#8230;]\n","protected":false},"featured_media":11860,"comment_status":"closed","ping_status":"closed","template":"","meta":{"spay_email":""},"product_cat":[695,539],"product_tag":[260],"yoast_head":"<!-- This site is optimized with the Yoast SEO plugin v16.8 - https:\/\/yoast.com\/wordpress\/plugins\/seo\/ -->\n<title>Porte Bagage BMW Nine T - La Poderosa Goods - Sacoches de selle, bagages et accessoires de moto haut de gamme<\/title>\n<meta name=\"robots\" content=\"index, follow, max-snippet:-1, max-image-preview:large, max-video-preview:-1\" \/>\n<link rel=\"canonical\" href=\"https:\/\/lapoderosagoods.com\/fr\/produit\/porte-bagage-bmw-nine-t\/\" \/>\n<meta property=\"og:locale\" content=\"fr_FR\" \/>\n<meta property=\"og:type\" content=\"article\" \/>\n<meta property=\"og:title\" content=\"Porte Bagage BMW Nine T - La Poderosa Goods - Sacoches de selle, bagages et accessoires de moto haut de gamme\" \/>\n<meta property=\"og:description\" content=\"Porte-bagages arri\u00e8re en finition Satin Black pour BMW R NineT. Con\u00e7u \u00a0pour visser sur le sous-ch\u00e2ssis arri\u00e8re de tout mod\u00e8le BMW R NINET *\u00a0 par des vis.\u00a0 Finition peinture epoxi\u00a0haute r\u00e9sistance. Style Classic\u00a0\u00a0et minimaliste, et poign\u00e9e passager utile aussi. Structure tr\u00e8s solide test\u00e9e sur plus de 3000km avec des charges jusqu&rsquo;\u00e0 6kg . * Compatible [...]\" \/>\n<meta property=\"og:url\" content=\"https:\/\/lapoderosagoods.com\/fr\/produit\/porte-bagage-bmw-nine-t\/\" \/>\n<meta property=\"og:site_name\" content=\"La Poderosa Goods - Sacoches de selle, bagages et accessoires de moto haut de gamme\" \/>\n<meta property=\"article:modified_time\" content=\"2026-04-13T10:46:59+00:00\" \/>\n<meta property=\"og:image\" content=\"https:\/\/lapoderosagoods.com\/wp-content\/uploads\/2021\/06\/Bmw-9t-rear-luggage-carrier-top-view-studio-new-scaled.jpg\" \/>\n\t<meta property=\"og:image:width\" content=\"2375\" \/>\n\t<meta property=\"og:image:height\" content=\"2560\" \/>\n<meta name=\"twitter:card\" content=\"summary_large_image\" \/>\n<script type=\"application\/ld+json\" class=\"yoast-schema-graph\">{\"@context\":\"https:\/\/schema.org\",\"@graph\":[{\"@type\":\"Organization\",\"@id\":\"https:\/\/lapoderosagoods.com\/#organization\",\"name\":\"La Poderosa Classic Goods\",\"url\":\"https:\/\/lapoderosagoods.com\/\",\"sameAs\":[],\"logo\":{\"@type\":\"ImageObject\",\"@id\":\"https:\/\/lapoderosagoods.com\/#logo\",\"inLanguage\":\"fr-FR\",\"url\":\"https:\/\/lapoderosagoods.com\/wp-content\/uploads\/2019\/10\/poderosa.png\",\"contentUrl\":\"https:\/\/lapoderosagoods.com\/wp-content\/uploads\/2019\/10\/poderosa.png\",\"width\":290,\"height\":209,\"caption\":\"La Poderosa Classic Goods\"},\"image\":{\"@id\":\"https:\/\/lapoderosagoods.com\/#logo\"}},{\"@type\":\"WebSite\",\"@id\":\"https:\/\/lapoderosagoods.com\/#website\",\"url\":\"https:\/\/lapoderosagoods.com\/\",\"name\":\"La Poderosa Goods - Sacoches de selle, bagages et accessoires de moto haut de gamme\",\"description\":\"Bagages, supports, sacoches et accessoires pour les motos classiques, caf\\u00e9 racer ou d'aventure. \",\"publisher\":{\"@id\":\"https:\/\/lapoderosagoods.com\/#organization\"},\"potentialAction\":[{\"@type\":\"SearchAction\",\"target\":{\"@type\":\"EntryPoint\",\"urlTemplate\":\"https:\/\/lapoderosagoods.com\/?s={search_term_string}\"},\"query-input\":\"required name=search_term_string\"}],\"inLanguage\":\"fr-FR\"},{\"@type\":\"ImageObject\",\"@id\":\"https:\/\/lapoderosagoods.com\/fr\/produit\/porte-bagage-bmw-nine-t\/#primaryimage\",\"inLanguage\":\"fr-FR\",\"url\":\"https:\/\/lapoderosagoods.com\/wp-content\/uploads\/2021\/06\/Bmw-9t-rear-luggage-carrier-top-view-studio-new-scaled.jpg\",\"contentUrl\":\"https:\/\/lapoderosagoods.com\/wp-content\/uploads\/2021\/06\/Bmw-9t-rear-luggage-carrier-top-view-studio-new-scaled.jpg\",\"width\":2375,\"height\":2560},{\"@type\":\"WebPage\",\"@id\":\"https:\/\/lapoderosagoods.com\/fr\/produit\/porte-bagage-bmw-nine-t\/#webpage\",\"url\":\"https:\/\/lapoderosagoods.com\/fr\/produit\/porte-bagage-bmw-nine-t\/\",\"name\":\"Porte Bagage BMW Nine T - La Poderosa Goods - Sacoches de selle, bagages et accessoires de moto haut de gamme\",\"isPartOf\":{\"@id\":\"https:\/\/lapoderosagoods.com\/#website\"},\"primaryImageOfPage\":{\"@id\":\"https:\/\/lapoderosagoods.com\/fr\/produit\/porte-bagage-bmw-nine-t\/#primaryimage\"},\"datePublished\":\"2021-06-25T10:02:57+00:00\",\"dateModified\":\"2026-04-13T10:46:59+00:00\",\"breadcrumb\":{\"@id\":\"https:\/\/lapoderosagoods.com\/fr\/produit\/porte-bagage-bmw-nine-t\/#breadcrumb\"},\"inLanguage\":\"fr-FR\",\"potentialAction\":[{\"@type\":\"ReadAction\",\"target\":[\"https:\/\/lapoderosagoods.com\/fr\/produit\/porte-bagage-bmw-nine-t\/\"]}]},{\"@type\":\"BreadcrumbList\",\"@id\":\"https:\/\/lapoderosagoods.com\/fr\/produit\/porte-bagage-bmw-nine-t\/#breadcrumb\",\"itemListElement\":[{\"@type\":\"ListItem\",\"position\":1,\"name\":\"Portada\",\"item\":\"https:\/\/lapoderosagoods.com\/\"},{\"@type\":\"ListItem\",\"position\":2,\"name\":\"Produits\",\"item\":\"https:\/\/lapoderosagoods.com\/fr\/produits\/\"},{\"@type\":\"ListItem\",\"position\":3,\"name\":\"Porte Bagage BMW Nine T\"}]}]}<\/script>\n<!-- \/ Yoast SEO plugin. -->","yoast_head_json":{"title":"Porte Bagage BMW Nine T - La Poderosa Goods - Sacoches de selle, bagages et accessoires de moto haut de gamme","robots":{"index":"index","follow":"follow","max-snippet":"max-snippet:-1","max-image-preview":"max-image-preview:large","max-video-preview":"max-video-preview:-1"},"canonical":"https:\/\/lapoderosagoods.com\/fr\/produit\/porte-bagage-bmw-nine-t\/","og_locale":"fr_FR","og_type":"article","og_title":"Porte Bagage BMW Nine T - La Poderosa Goods - Sacoches de selle, bagages et accessoires de moto haut de gamme","og_description":"Porte-bagages arri\u00e8re en finition Satin Black pour BMW R NineT. Con\u00e7u \u00a0pour visser sur le sous-ch\u00e2ssis arri\u00e8re de tout mod\u00e8le BMW R NINET *\u00a0 par des vis.\u00a0 Finition peinture epoxi\u00a0haute r\u00e9sistance. Style Classic\u00a0\u00a0et minimaliste, et poign\u00e9e passager utile aussi. Structure tr\u00e8s solide test\u00e9e sur plus de 3000km avec des charges jusqu&rsquo;\u00e0 6kg . * Compatible [...]","og_url":"https:\/\/lapoderosagoods.com\/fr\/produit\/porte-bagage-bmw-nine-t\/","og_site_name":"La Poderosa Goods - Sacoches de selle, bagages et accessoires de moto haut de gamme","article_modified_time":"2026-04-13T10:46:59+00:00","og_image":[{"width":2375,"height":2560,"url":"https:\/\/lapoderosagoods.com\/wp-content\/uploads\/2021\/06\/Bmw-9t-rear-luggage-carrier-top-view-studio-new-scaled.jpg","path":"\/home\/spainmot\/lapoderosagoods\/wp-content\/uploads\/2021\/06\/Bmw-9t-rear-luggage-carrier-top-view-studio-new-scaled.jpg","size":"full","id":11860,"alt":"","pixels":6080000,"type":"image\/jpeg"}],"twitter_card":"summary_large_image","schema":{"@context":"https:\/\/schema.org","@graph":[{"@type":"Organization","@id":"https:\/\/lapoderosagoods.com\/#organization","name":"La Poderosa Classic Goods","url":"https:\/\/lapoderosagoods.com\/","sameAs":[],"logo":{"@type":"ImageObject","@id":"https:\/\/lapoderosagoods.com\/#logo","inLanguage":"fr-FR","url":"https:\/\/lapoderosagoods.com\/wp-content\/uploads\/2019\/10\/poderosa.png","contentUrl":"https:\/\/lapoderosagoods.com\/wp-content\/uploads\/2019\/10\/poderosa.png","width":290,"height":209,"caption":"La Poderosa Classic Goods"},"image":{"@id":"https:\/\/lapoderosagoods.com\/#logo"}},{"@type":"WebSite","@id":"https:\/\/lapoderosagoods.com\/#website","url":"https:\/\/lapoderosagoods.com\/","name":"La Poderosa Goods - Sacoches de selle, bagages et accessoires de moto haut de gamme","description":"Bagages, supports, sacoches et accessoires pour les motos classiques, caf\u00e9 racer ou d'aventure. ","publisher":{"@id":"https:\/\/lapoderosagoods.com\/#organization"},"potentialAction":[{"@type":"SearchAction","target":{"@type":"EntryPoint","urlTemplate":"https:\/\/lapoderosagoods.com\/?s={search_term_string}"},"query-input":"required name=search_term_string"}],"inLanguage":"fr-FR"},{"@type":"ImageObject","@id":"https:\/\/lapoderosagoods.com\/fr\/produit\/porte-bagage-bmw-nine-t\/#primaryimage","inLanguage":"fr-FR","url":"https:\/\/lapoderosagoods.com\/wp-content\/uploads\/2021\/06\/Bmw-9t-rear-luggage-carrier-top-view-studio-new-scaled.jpg","contentUrl":"https:\/\/lapoderosagoods.com\/wp-content\/uploads\/2021\/06\/Bmw-9t-rear-luggage-carrier-top-view-studio-new-scaled.jpg","width":2375,"height":2560},{"@type":"WebPage","@id":"https:\/\/lapoderosagoods.com\/fr\/produit\/porte-bagage-bmw-nine-t\/#webpage","url":"https:\/\/lapoderosagoods.com\/fr\/produit\/porte-bagage-bmw-nine-t\/","name":"Porte Bagage BMW Nine T - La Poderosa Goods - Sacoches de selle, bagages et accessoires de moto haut de gamme","isPartOf":{"@id":"https:\/\/lapoderosagoods.com\/#website"},"primaryImageOfPage":{"@id":"https:\/\/lapoderosagoods.com\/fr\/produit\/porte-bagage-bmw-nine-t\/#primaryimage"},"datePublished":"2021-06-25T10:02:57+00:00","dateModified":"2026-04-13T10:46:59+00:00","breadcrumb":{"@id":"https:\/\/lapoderosagoods.com\/fr\/produit\/porte-bagage-bmw-nine-t\/#breadcrumb"},"inLanguage":"fr-FR","potentialAction":[{"@type":"ReadAction","target":["https:\/\/lapoderosagoods.com\/fr\/produit\/porte-bagage-bmw-nine-t\/"]}]},{"@type":"BreadcrumbList","@id":"https:\/\/lapoderosagoods.com\/fr\/produit\/porte-bagage-bmw-nine-t\/#breadcrumb","itemListElement":[{"@type":"ListItem","position":1,"name":"Portada","item":"https:\/\/lapoderosagoods.com\/"},{"@type":"ListItem","position":2,"name":"Produits","item":"https:\/\/lapoderosagoods.com\/fr\/produits\/"},{"@type":"ListItem","position":3,"name":"Porte Bagage BMW Nine T"}]}]}},"_links":{"self":[{"href":"https:\/\/lapoderosagoods.com\/fr\/wp-json\/wp\/v2\/product\/9471"}],"collection":[{"href":"https:\/\/lapoderosagoods.com\/fr\/wp-json\/wp\/v2\/product"}],"about":[{"href":"https:\/\/lapoderosagoods.com\/fr\/wp-json\/wp\/v2\/types\/product"}],"replies":[{"embeddable":true,"href":"https:\/\/lapoderosagoods.com\/fr\/wp-json\/wp\/v2\/comments?post=9471"}],"wp:featuredmedia":[{"embeddable":true,"href":"https:\/\/lapoderosagoods.com\/fr\/wp-json\/wp\/v2\/media\/11860"}],"wp:attachment":[{"href":"https:\/\/lapoderosagoods.com\/fr\/wp-json\/wp\/v2\/media?parent=9471"}],"wp:term":[{"taxonomy":"product_cat","embeddable":true,"href":"https:\/\/lapoderosagoods.com\/fr\/wp-json\/wp\/v2\/product_cat?post=9471"},{"taxonomy":"product_tag","embeddable":true,"href":"https:\/\/lapoderosagoods.com\/fr\/wp-json\/wp\/v2\/product_tag?post=9471"}],"curies":[{"name":"wp","href":"https:\/\/api.w.org\/{rel}","templated":true}]}}