{"id":9385,"date":"2021-06-25T12:05:31","date_gmt":"2021-06-25T10:05:31","guid":{"rendered":"https:\/\/lapoderosagoods.spainmotoexperiences.es\/producto\/satteltaschenhalter-beidseitig-honda-cb350-550-750-chrom\/"},"modified":"2024-12-24T17:39:22","modified_gmt":"2024-12-24T16:39:22","slug":"satteltaschenhalter-beidseitig-honda-cb350-550-750-chrom","status":"publish","type":"product","link":"https:\/\/lapoderosagoods.com\/de\/produkt\/satteltaschenhalter-beidseitig-honda-cb350-550-750-chrom\/","title":{"rendered":"Satteltaschenhalter (beidseitig) Honda CB350 \/ 550\/750 Chrom"},"content":{"rendered":"<div class=\"product-single__description rte\">\n<p class=\"s3\"><span class=\"s2\"><span>Verchromter Stahlrahmen f\u00fcr Honda CB 350\/550\/750.<\/span><\/span><\/p>\n<p class=\"s3\"><span class=\"s2\"><span>Piece Design <\/span><\/span><span class=\"s2\"><span>\u00f1 <\/span><\/span><span class=\"s2\"><span>ada zum Einf\u00e4deln in den hinteren Teilrahmen von jedem Modell Honda Vier *\u00a0 <\/span><\/span><span class=\"s2\"><span>durch Schrauben. Enth\u00e4lt neue Indikatorunterst\u00fctzung.<\/span><\/span><\/p>\n<p class=\"s3\"><span class=\"s2\"><span>Hochbest\u00e4ndiges verchromtes Finish\u00a0 <\/span><\/span><span class=\"s2\"><span>\u00a0.<\/span><\/span><\/p>\n<p class=\"s3\"><span class=\"s2\"><span>Cl-Stil <\/span><\/span><span class=\"s2\"><span>nach <\/span><\/span><span class=\"s2\"><span>Sico und minimalistisch, perfekt auch mit der entfernten Seitentasche.<\/span><\/span><\/p>\n<p class=\"s3\"><span class=\"s2\"><span>Sehr solide Struktur, getestet f\u00fcr mehr als 3000 km mit Lasten von bis zu 8 kg pro Tasche.<\/span><\/span><\/p>\n<p class=\"s3\"><span class=\"s2\"><span>* Kompatibel mit folgenden Modellen:<\/span><\/span><\/p>\n<p class=\"s3\"><span class=\"s2\"><span>Honda CB350<\/span><\/span><\/p>\n<p class=\"s3\"><span class=\"s2\"><span>Honda CB550<\/span><\/span><\/p>\n<p class=\"s3\"><span class=\"s2\"><span>Honda CB550Four<\/span><\/span><\/p>\n<p class=\"s3\"><span class=\"s2\"><span>Honda CB750Four \u00a0<\/span><\/span><\/p>\n<\/div>\n","protected":false},"excerpt":{"rendered":"<p>Verchromter Stahlrahmen f\u00fcr Honda CB 350\/550\/750. Piece Design \u00f1 ada zum Einf\u00e4deln in den hinteren Teilrahmen von jedem Modell Honda Vier *\u00a0 durch Schrauben. Enth\u00e4lt neue Indikatorunterst\u00fctzung. Hochbest\u00e4ndiges verchromtes Finish\u00a0 \u00a0. Cl-Stil nach Sico und minimalistisch, perfekt auch mit der entfernten Seitentasche. Sehr solide Struktur, getestet f\u00fcr mehr als 3000 km mit Lasten von bis [&#8230;]\n","protected":false},"featured_media":8157,"comment_status":"closed","ping_status":"closed","template":"","meta":{"spay_email":""},"product_cat":[714,134,96],"product_tag":[268],"yoast_head":"<!-- This site is optimized with the Yoast SEO plugin v16.8 - https:\/\/yoast.com\/wordpress\/plugins\/seo\/ -->\n<title>Satteltaschenhalter (beidseitig) Honda CB350 \/ 550\/750 Chrom - La Poderosa Goods - Satteltaschen, Gep\u00e4ck und Premium-Motorradzubeh\u00f6r<\/title>\n<meta name=\"robots\" content=\"index, follow, max-snippet:-1, max-image-preview:large, max-video-preview:-1\" \/>\n<link rel=\"canonical\" href=\"https:\/\/lapoderosagoods.com\/de\/produkt\/soporte-para-alforjas-ambos-lados-honda-cb350-550-750-cromado\/\" \/>\n<meta property=\"og:locale\" content=\"de_DE\" \/>\n<meta property=\"og:type\" content=\"article\" \/>\n<meta property=\"og:title\" content=\"Satteltaschenhalter (beidseitig) Honda CB350 \/ 550\/750 Chrom - La Poderosa Goods - Satteltaschen, Gep\u00e4ck und Premium-Motorradzubeh\u00f6r\" \/>\n<meta property=\"og:description\" content=\"Verchromter Stahlrahmen f\u00fcr Honda CB 350\/550\/750. Piece Design \u00f1 ada zum Einf\u00e4deln in den hinteren Teilrahmen von jedem Modell Honda Vier *\u00a0 durch Schrauben. Enth\u00e4lt neue Indikatorunterst\u00fctzung. Hochbest\u00e4ndiges verchromtes Finish\u00a0 \u00a0. Cl-Stil nach Sico und minimalistisch, perfekt auch mit der entfernten Seitentasche. Sehr solide Struktur, getestet f\u00fcr mehr als 3000 km mit Lasten von bis [...]\" \/>\n<meta property=\"og:url\" content=\"https:\/\/lapoderosagoods.com\/produkt\/soporte-para-alforjas-ambos-lados-honda-cb350-550-750-cromado\/\" \/>\n<meta property=\"og:site_name\" content=\"La Poderosa Goods - Satteltaschen, Gep\u00e4ck und Premium-Motorradzubeh\u00f6r\" \/>\n<meta property=\"article:modified_time\" content=\"2024-12-24T16:39:22+00:00\" \/>\n<meta property=\"og:image\" content=\"https:\/\/lapoderosagoods.com\/wp-content\/uploads\/2021\/06\/HondaCB550RackLHScloseview-1067x800.jpg\" \/>\n\t<meta property=\"og:image:width\" content=\"1067\" \/>\n\t<meta property=\"og:image:height\" content=\"800\" \/>\n<meta name=\"twitter:card\" content=\"summary_large_image\" \/>\n<script type=\"application\/ld+json\" class=\"yoast-schema-graph\">{\"@context\":\"https:\/\/schema.org\",\"@graph\":[{\"@type\":\"Organization\",\"@id\":\"https:\/\/lapoderosagoods.com\/#organization\",\"name\":\"La Poderosa Classic Goods\",\"url\":\"https:\/\/lapoderosagoods.com\/\",\"sameAs\":[],\"logo\":{\"@type\":\"ImageObject\",\"@id\":\"https:\/\/lapoderosagoods.com\/#logo\",\"inLanguage\":\"de-DE\",\"url\":\"https:\/\/lapoderosagoods.com\/wp-content\/uploads\/2019\/10\/poderosa.png\",\"contentUrl\":\"https:\/\/lapoderosagoods.com\/wp-content\/uploads\/2019\/10\/poderosa.png\",\"width\":290,\"height\":209,\"caption\":\"La Poderosa Classic Goods\"},\"image\":{\"@id\":\"https:\/\/lapoderosagoods.com\/#logo\"}},{\"@type\":\"WebSite\",\"@id\":\"https:\/\/lapoderosagoods.com\/#website\",\"url\":\"https:\/\/lapoderosagoods.com\/\",\"name\":\"La Poderosa Goods - Satteltaschen, Gep\\u00e4ck und Premium-Motorradzubeh\\u00f6r\",\"description\":\"Gep\\u00e4ck, St\\u00e4nder, Satteltaschen und Zubeh\\u00f6r f\\u00fcr Klassiker, Caf\\u00e9 Racer oder Adventure Bikes. \",\"publisher\":{\"@id\":\"https:\/\/lapoderosagoods.com\/#organization\"},\"potentialAction\":[{\"@type\":\"SearchAction\",\"target\":{\"@type\":\"EntryPoint\",\"urlTemplate\":\"https:\/\/lapoderosagoods.com\/?s={search_term_string}\"},\"query-input\":\"required name=search_term_string\"}],\"inLanguage\":\"de-DE\"},{\"@type\":\"ImageObject\",\"@id\":\"https:\/\/lapoderosagoods.com\/produkt\/soporte-para-alforjas-ambos-lados-honda-cb350-550-750-cromado\/#primaryimage\",\"inLanguage\":\"de-DE\",\"url\":\"https:\/\/lapoderosagoods.com\/wp-content\/uploads\/2021\/06\/HondaCB550RackLHScloseview.jpg\",\"contentUrl\":\"https:\/\/lapoderosagoods.com\/wp-content\/uploads\/2021\/06\/HondaCB550RackLHScloseview.jpg\",\"width\":4032,\"height\":3024},{\"@type\":\"WebPage\",\"@id\":\"https:\/\/lapoderosagoods.com\/produkt\/soporte-para-alforjas-ambos-lados-honda-cb350-550-750-cromado\/#webpage\",\"url\":\"https:\/\/lapoderosagoods.com\/produkt\/soporte-para-alforjas-ambos-lados-honda-cb350-550-750-cromado\/\",\"name\":\"Satteltaschenhalter (beidseitig) Honda CB350 \/ 550\/750 Chrom - La Poderosa Goods - Satteltaschen, Gep\\u00e4ck und Premium-Motorradzubeh\\u00f6r\",\"isPartOf\":{\"@id\":\"https:\/\/lapoderosagoods.com\/#website\"},\"primaryImageOfPage\":{\"@id\":\"https:\/\/lapoderosagoods.com\/produkt\/soporte-para-alforjas-ambos-lados-honda-cb350-550-750-cromado\/#primaryimage\"},\"datePublished\":\"2021-06-25T10:05:31+00:00\",\"dateModified\":\"2024-12-24T16:39:22+00:00\",\"breadcrumb\":{\"@id\":\"https:\/\/lapoderosagoods.com\/produkt\/soporte-para-alforjas-ambos-lados-honda-cb350-550-750-cromado\/#breadcrumb\"},\"inLanguage\":\"de-DE\",\"potentialAction\":[{\"@type\":\"ReadAction\",\"target\":[\"https:\/\/lapoderosagoods.com\/produkt\/soporte-para-alforjas-ambos-lados-honda-cb350-550-750-cromado\/\"]}]},{\"@type\":\"BreadcrumbList\",\"@id\":\"https:\/\/lapoderosagoods.com\/produkt\/soporte-para-alforjas-ambos-lados-honda-cb350-550-750-cromado\/#breadcrumb\",\"itemListElement\":[{\"@type\":\"ListItem\",\"position\":1,\"name\":\"Portada\",\"item\":\"https:\/\/lapoderosagoods.com\/\"},{\"@type\":\"ListItem\",\"position\":2,\"name\":\"Produkte\",\"item\":\"https:\/\/lapoderosagoods.com\/de\/produkte\/\"},{\"@type\":\"ListItem\",\"position\":3,\"name\":\"Satteltaschenhalter (beidseitig) Honda CB350 \/ 550\/750 Chrom\"}]}]}<\/script>\n<!-- \/ Yoast SEO plugin. -->","yoast_head_json":{"title":"Satteltaschenhalter (beidseitig) Honda CB350 \/ 550\/750 Chrom - La Poderosa Goods - Satteltaschen, Gep\u00e4ck und Premium-Motorradzubeh\u00f6r","robots":{"index":"index","follow":"follow","max-snippet":"max-snippet:-1","max-image-preview":"max-image-preview:large","max-video-preview":"max-video-preview:-1"},"canonical":"https:\/\/lapoderosagoods.com\/de\/produkt\/soporte-para-alforjas-ambos-lados-honda-cb350-550-750-cromado\/","og_locale":"de_DE","og_type":"article","og_title":"Satteltaschenhalter (beidseitig) Honda CB350 \/ 550\/750 Chrom - La Poderosa Goods - Satteltaschen, Gep\u00e4ck und Premium-Motorradzubeh\u00f6r","og_description":"Verchromter Stahlrahmen f\u00fcr Honda CB 350\/550\/750. Piece Design \u00f1 ada zum Einf\u00e4deln in den hinteren Teilrahmen von jedem Modell Honda Vier *\u00a0 durch Schrauben. Enth\u00e4lt neue Indikatorunterst\u00fctzung. Hochbest\u00e4ndiges verchromtes Finish\u00a0 \u00a0. Cl-Stil nach Sico und minimalistisch, perfekt auch mit der entfernten Seitentasche. Sehr solide Struktur, getestet f\u00fcr mehr als 3000 km mit Lasten von bis [...]","og_url":"https:\/\/lapoderosagoods.com\/produkt\/soporte-para-alforjas-ambos-lados-honda-cb350-550-750-cromado\/","og_site_name":"La Poderosa Goods - Satteltaschen, Gep\u00e4ck und Premium-Motorradzubeh\u00f6r","article_modified_time":"2024-12-24T16:39:22+00:00","og_image":[{"width":1067,"height":800,"path":"2021\/06\/HondaCB550RackLHScloseview-1067x800.jpg","url":"https:\/\/lapoderosagoods.com\/wp-content\/uploads\/2021\/06\/HondaCB550RackLHScloseview-1067x800.jpg","size":"large","id":8157,"alt":"","pixels":853600,"type":"image\/jpeg"}],"twitter_card":"summary_large_image","schema":{"@context":"https:\/\/schema.org","@graph":[{"@type":"Organization","@id":"https:\/\/lapoderosagoods.com\/#organization","name":"La Poderosa Classic Goods","url":"https:\/\/lapoderosagoods.com\/","sameAs":[],"logo":{"@type":"ImageObject","@id":"https:\/\/lapoderosagoods.com\/#logo","inLanguage":"de-DE","url":"https:\/\/lapoderosagoods.com\/wp-content\/uploads\/2019\/10\/poderosa.png","contentUrl":"https:\/\/lapoderosagoods.com\/wp-content\/uploads\/2019\/10\/poderosa.png","width":290,"height":209,"caption":"La Poderosa Classic Goods"},"image":{"@id":"https:\/\/lapoderosagoods.com\/#logo"}},{"@type":"WebSite","@id":"https:\/\/lapoderosagoods.com\/#website","url":"https:\/\/lapoderosagoods.com\/","name":"La Poderosa Goods - Satteltaschen, Gep\u00e4ck und Premium-Motorradzubeh\u00f6r","description":"Gep\u00e4ck, St\u00e4nder, Satteltaschen und Zubeh\u00f6r f\u00fcr Klassiker, Caf\u00e9 Racer oder Adventure Bikes. ","publisher":{"@id":"https:\/\/lapoderosagoods.com\/#organization"},"potentialAction":[{"@type":"SearchAction","target":{"@type":"EntryPoint","urlTemplate":"https:\/\/lapoderosagoods.com\/?s={search_term_string}"},"query-input":"required name=search_term_string"}],"inLanguage":"de-DE"},{"@type":"ImageObject","@id":"https:\/\/lapoderosagoods.com\/produkt\/soporte-para-alforjas-ambos-lados-honda-cb350-550-750-cromado\/#primaryimage","inLanguage":"de-DE","url":"https:\/\/lapoderosagoods.com\/wp-content\/uploads\/2021\/06\/HondaCB550RackLHScloseview.jpg","contentUrl":"https:\/\/lapoderosagoods.com\/wp-content\/uploads\/2021\/06\/HondaCB550RackLHScloseview.jpg","width":4032,"height":3024},{"@type":"WebPage","@id":"https:\/\/lapoderosagoods.com\/produkt\/soporte-para-alforjas-ambos-lados-honda-cb350-550-750-cromado\/#webpage","url":"https:\/\/lapoderosagoods.com\/produkt\/soporte-para-alforjas-ambos-lados-honda-cb350-550-750-cromado\/","name":"Satteltaschenhalter (beidseitig) Honda CB350 \/ 550\/750 Chrom - La Poderosa Goods - Satteltaschen, Gep\u00e4ck und Premium-Motorradzubeh\u00f6r","isPartOf":{"@id":"https:\/\/lapoderosagoods.com\/#website"},"primaryImageOfPage":{"@id":"https:\/\/lapoderosagoods.com\/produkt\/soporte-para-alforjas-ambos-lados-honda-cb350-550-750-cromado\/#primaryimage"},"datePublished":"2021-06-25T10:05:31+00:00","dateModified":"2024-12-24T16:39:22+00:00","breadcrumb":{"@id":"https:\/\/lapoderosagoods.com\/produkt\/soporte-para-alforjas-ambos-lados-honda-cb350-550-750-cromado\/#breadcrumb"},"inLanguage":"de-DE","potentialAction":[{"@type":"ReadAction","target":["https:\/\/lapoderosagoods.com\/produkt\/soporte-para-alforjas-ambos-lados-honda-cb350-550-750-cromado\/"]}]},{"@type":"BreadcrumbList","@id":"https:\/\/lapoderosagoods.com\/produkt\/soporte-para-alforjas-ambos-lados-honda-cb350-550-750-cromado\/#breadcrumb","itemListElement":[{"@type":"ListItem","position":1,"name":"Portada","item":"https:\/\/lapoderosagoods.com\/"},{"@type":"ListItem","position":2,"name":"Produkte","item":"https:\/\/lapoderosagoods.com\/de\/produkte\/"},{"@type":"ListItem","position":3,"name":"Satteltaschenhalter (beidseitig) Honda CB350 \/ 550\/750 Chrom"}]}]}},"_links":{"self":[{"href":"https:\/\/lapoderosagoods.com\/de\/wp-json\/wp\/v2\/product\/9385"}],"collection":[{"href":"https:\/\/lapoderosagoods.com\/de\/wp-json\/wp\/v2\/product"}],"about":[{"href":"https:\/\/lapoderosagoods.com\/de\/wp-json\/wp\/v2\/types\/product"}],"replies":[{"embeddable":true,"href":"https:\/\/lapoderosagoods.com\/de\/wp-json\/wp\/v2\/comments?post=9385"}],"wp:featuredmedia":[{"embeddable":true,"href":"https:\/\/lapoderosagoods.com\/de\/wp-json\/wp\/v2\/media\/8157"}],"wp:attachment":[{"href":"https:\/\/lapoderosagoods.com\/de\/wp-json\/wp\/v2\/media?parent=9385"}],"wp:term":[{"taxonomy":"product_cat","embeddable":true,"href":"https:\/\/lapoderosagoods.com\/de\/wp-json\/wp\/v2\/product_cat?post=9385"},{"taxonomy":"product_tag","embeddable":true,"href":"https:\/\/lapoderosagoods.com\/de\/wp-json\/wp\/v2\/product_tag?post=9385"}],"curies":[{"name":"wp","href":"https:\/\/api.w.org\/{rel}","templated":true}]}}