{"id":9296,"date":"2021-06-25T12:06:40","date_gmt":"2021-06-25T10:06:40","guid":{"rendered":"https:\/\/lapoderosagoods.spainmotoexperiences.es\/producto\/satteltaschenhalter-beidseitig-mit-original-bmw-r80-g-s-und-r80st-gepacktrager-satinschwarz\/"},"modified":"2022-06-06T08:44:55","modified_gmt":"2022-06-06T06:44:55","slug":"komplett-set-satteltaschenhalter-beidseitig-mit-gepacktrager-bmw-r80-g-s-und-r80st-satin-schwarz","status":"publish","type":"product","link":"https:\/\/lapoderosagoods.com\/de\/produkt\/komplett-set-satteltaschenhalter-beidseitig-mit-gepacktrager-bmw-r80-g-s-und-r80st-satin-schwarz\/","title":{"rendered":"Komplett-Sei Satteltaschenhalter (beidseitig) mit Gep\u00e4cktr\u00e4ger  fur Bmw R80 g\/s und R80st  satin schwarz"},"content":{"rendered":"<div class=\"product-single__description rte\">\n<p class=\"s3\"><span class=\"s2\">Stahlrahmen in Satin Black Finish f\u00fcr BMW R80 g\/s und R80 st<\/span><\/p>\n<pre id=\"tw-target-text\" class=\"tw-data-text tw-text-large JgzqYd RES9jf tw-ta\" dir=\"ltr\" data-placeholder=\"Traducci\u00f3n\"><span class=\"Y2IQFc\" lang=\"de\">Zum Anschrauben am hinteren Hilfsrahmen und auch an den Fu\u00dfrasten.<\/span><\/pre>\n<p class=\"s3\">\n<p class=\"s3\">Der Gep\u00e4cktr\u00e4ger wird mit den Halterungen und dem rahmen des Fahrrads verschraubt.<\/p>\n<p class=\"s3\"><span class=\"s2\">Eingebrannte Oberfl\u00e4che mit hochbest\u00e4ndiger Epoxidfarbe.<\/span><\/p>\n<p class=\"s3\"><span class=\"s2\">\u00a0Klassic<\/span><span class=\"s2\">\u00a0und minimalistisch, perfekt auch mit der entfernten Seitentasche.<\/span><\/p>\n<p class=\"s3\"><span class=\"s2\">Sehr solide Struktur f\u00fcr Lasten von bis zu 8 kg pro Tasche.<\/span><\/p>\n<p class=\"s3\"><span class=\"s2\">* Kompatibel mit folgenden Modellen:<\/span><\/p>\n<p class=\"s3\"><span class=\"s2\">R80 g \/ s\u00a0<\/span><\/p>\n<p class=\"s3\"><span class=\"s2\">R80 st\u00a0<\/span><\/p>\n<\/div>\n","protected":false},"excerpt":{"rendered":"<p>Stahlrahmen in Satin Black Finish f\u00fcr BMW R80 g\/s und R80 st Zum Anschrauben am hinteren Hilfsrahmen und auch an den Fu\u00dfrasten. Der Gep\u00e4cktr\u00e4ger wird mit den Halterungen und dem rahmen des Fahrrads verschraubt. Eingebrannte Oberfl\u00e4che mit hochbest\u00e4ndiger Epoxidfarbe. \u00a0Klassic\u00a0und minimalistisch, perfekt auch mit der entfernten Seitentasche. Sehr solide Struktur f\u00fcr Lasten von bis zu [&#8230;]\n","protected":false},"featured_media":13323,"comment_status":"closed","ping_status":"closed","template":"","meta":{"spay_email":""},"product_cat":[696,128,96],"product_tag":[246],"yoast_head":"<!-- This site is optimized with the Yoast SEO plugin v16.8 - https:\/\/yoast.com\/wordpress\/plugins\/seo\/ -->\n<title>Komplett-Sei Satteltaschenhalter (beidseitig) mit Gep\u00e4cktr\u00e4ger fur Bmw R80 g\/s und R80st satin schwarz - La Poderosa Goods - Satteltaschen, Gep\u00e4ck und Premium-Motorradzubeh\u00f6r<\/title>\n<meta name=\"robots\" content=\"index, follow, max-snippet:-1, max-image-preview:large, max-video-preview:-1\" \/>\n<link rel=\"canonical\" href=\"https:\/\/lapoderosagoods.com\/de\/produkt\/set-completo-soporte-para-alforjas-ambos-lados-y-porta-maletas-bmw-r80-g-s-y-r80st-negro-satinado\/\" \/>\n<meta property=\"og:locale\" content=\"de_DE\" \/>\n<meta property=\"og:type\" content=\"article\" \/>\n<meta property=\"og:title\" content=\"Komplett-Sei Satteltaschenhalter (beidseitig) mit Gep\u00e4cktr\u00e4ger fur Bmw R80 g\/s und R80st satin schwarz - La Poderosa Goods - Satteltaschen, Gep\u00e4ck und Premium-Motorradzubeh\u00f6r\" \/>\n<meta property=\"og:description\" content=\"Stahlrahmen in Satin Black Finish f\u00fcr BMW R80 g\/s und R80 st Zum Anschrauben am hinteren Hilfsrahmen und auch an den Fu\u00dfrasten. Der Gep\u00e4cktr\u00e4ger wird mit den Halterungen und dem rahmen des Fahrrads verschraubt. Eingebrannte Oberfl\u00e4che mit hochbest\u00e4ndiger Epoxidfarbe. \u00a0Klassic\u00a0und minimalistisch, perfekt auch mit der entfernten Seitentasche. Sehr solide Struktur f\u00fcr Lasten von bis zu [...]\" \/>\n<meta property=\"og:url\" content=\"https:\/\/lapoderosagoods.com\/produkt\/set-completo-soporte-para-alforjas-ambos-lados-y-porta-maletas-bmw-r80-g-s-y-r80st-negro-satinado\/\" \/>\n<meta property=\"og:site_name\" content=\"La Poderosa Goods - Satteltaschen, Gep\u00e4ck und Premium-Motorradzubeh\u00f6r\" \/>\n<meta property=\"article:modified_time\" content=\"2022-06-06T06:44:55+00:00\" \/>\n<meta property=\"og:image\" content=\"https:\/\/lapoderosagoods.com\/wp-content\/uploads\/2021\/06\/rear-luggage-carrier-and-LHS-rack-in-gs-tuareg-blue--scaled.jpg\" \/>\n\t<meta property=\"og:image:width\" content=\"2560\" \/>\n\t<meta property=\"og:image:height\" content=\"1920\" \/>\n<meta name=\"twitter:card\" content=\"summary_large_image\" \/>\n<script type=\"application\/ld+json\" class=\"yoast-schema-graph\">{\"@context\":\"https:\/\/schema.org\",\"@graph\":[{\"@type\":\"Organization\",\"@id\":\"https:\/\/lapoderosagoods.com\/#organization\",\"name\":\"La Poderosa Classic Goods\",\"url\":\"https:\/\/lapoderosagoods.com\/\",\"sameAs\":[],\"logo\":{\"@type\":\"ImageObject\",\"@id\":\"https:\/\/lapoderosagoods.com\/#logo\",\"inLanguage\":\"de-DE\",\"url\":\"https:\/\/lapoderosagoods.com\/wp-content\/uploads\/2019\/10\/poderosa.png\",\"contentUrl\":\"https:\/\/lapoderosagoods.com\/wp-content\/uploads\/2019\/10\/poderosa.png\",\"width\":290,\"height\":209,\"caption\":\"La Poderosa Classic Goods\"},\"image\":{\"@id\":\"https:\/\/lapoderosagoods.com\/#logo\"}},{\"@type\":\"WebSite\",\"@id\":\"https:\/\/lapoderosagoods.com\/#website\",\"url\":\"https:\/\/lapoderosagoods.com\/\",\"name\":\"La Poderosa Goods - Satteltaschen, Gep\\u00e4ck und Premium-Motorradzubeh\\u00f6r\",\"description\":\"Gep\\u00e4ck, St\\u00e4nder, Satteltaschen und Zubeh\\u00f6r f\\u00fcr Klassiker, Caf\\u00e9 Racer oder Adventure Bikes. \",\"publisher\":{\"@id\":\"https:\/\/lapoderosagoods.com\/#organization\"},\"potentialAction\":[{\"@type\":\"SearchAction\",\"target\":{\"@type\":\"EntryPoint\",\"urlTemplate\":\"https:\/\/lapoderosagoods.com\/?s={search_term_string}\"},\"query-input\":\"required name=search_term_string\"}],\"inLanguage\":\"de-DE\"},{\"@type\":\"ImageObject\",\"@id\":\"https:\/\/lapoderosagoods.com\/produkt\/set-completo-soporte-para-alforjas-ambos-lados-y-porta-maletas-bmw-r80-g-s-y-r80st-negro-satinado\/#primaryimage\",\"inLanguage\":\"de-DE\",\"url\":\"https:\/\/lapoderosagoods.com\/wp-content\/uploads\/2021\/06\/rear-luggage-carrier-and-LHS-rack-in-gs-tuareg-blue--scaled.jpg\",\"contentUrl\":\"https:\/\/lapoderosagoods.com\/wp-content\/uploads\/2021\/06\/rear-luggage-carrier-and-LHS-rack-in-gs-tuareg-blue--scaled.jpg\",\"width\":2560,\"height\":1920},{\"@type\":\"WebPage\",\"@id\":\"https:\/\/lapoderosagoods.com\/produkt\/set-completo-soporte-para-alforjas-ambos-lados-y-porta-maletas-bmw-r80-g-s-y-r80st-negro-satinado\/#webpage\",\"url\":\"https:\/\/lapoderosagoods.com\/produkt\/set-completo-soporte-para-alforjas-ambos-lados-y-porta-maletas-bmw-r80-g-s-y-r80st-negro-satinado\/\",\"name\":\"Komplett-Sei Satteltaschenhalter (beidseitig) mit Gep\\u00e4cktr\\u00e4ger fur Bmw R80 g\/s und R80st satin schwarz - La Poderosa Goods - Satteltaschen, Gep\\u00e4ck und Premium-Motorradzubeh\\u00f6r\",\"isPartOf\":{\"@id\":\"https:\/\/lapoderosagoods.com\/#website\"},\"primaryImageOfPage\":{\"@id\":\"https:\/\/lapoderosagoods.com\/produkt\/set-completo-soporte-para-alforjas-ambos-lados-y-porta-maletas-bmw-r80-g-s-y-r80st-negro-satinado\/#primaryimage\"},\"datePublished\":\"2021-06-25T10:06:40+00:00\",\"dateModified\":\"2022-06-06T06:44:55+00:00\",\"breadcrumb\":{\"@id\":\"https:\/\/lapoderosagoods.com\/produkt\/set-completo-soporte-para-alforjas-ambos-lados-y-porta-maletas-bmw-r80-g-s-y-r80st-negro-satinado\/#breadcrumb\"},\"inLanguage\":\"de-DE\",\"potentialAction\":[{\"@type\":\"ReadAction\",\"target\":[\"https:\/\/lapoderosagoods.com\/produkt\/set-completo-soporte-para-alforjas-ambos-lados-y-porta-maletas-bmw-r80-g-s-y-r80st-negro-satinado\/\"]}]},{\"@type\":\"BreadcrumbList\",\"@id\":\"https:\/\/lapoderosagoods.com\/produkt\/set-completo-soporte-para-alforjas-ambos-lados-y-porta-maletas-bmw-r80-g-s-y-r80st-negro-satinado\/#breadcrumb\",\"itemListElement\":[{\"@type\":\"ListItem\",\"position\":1,\"name\":\"Portada\",\"item\":\"https:\/\/lapoderosagoods.com\/\"},{\"@type\":\"ListItem\",\"position\":2,\"name\":\"Produkte\",\"item\":\"https:\/\/lapoderosagoods.com\/de\/produkte\/\"},{\"@type\":\"ListItem\",\"position\":3,\"name\":\"Komplett-Sei Satteltaschenhalter (beidseitig) mit Gep\\u00e4cktr\\u00e4ger fur Bmw R80 g\/s und R80st satin schwarz\"}]}]}<\/script>\n<!-- \/ Yoast SEO plugin. -->","yoast_head_json":{"title":"Komplett-Sei Satteltaschenhalter (beidseitig) mit Gep\u00e4cktr\u00e4ger fur Bmw R80 g\/s und R80st satin schwarz - La Poderosa Goods - Satteltaschen, Gep\u00e4ck und Premium-Motorradzubeh\u00f6r","robots":{"index":"index","follow":"follow","max-snippet":"max-snippet:-1","max-image-preview":"max-image-preview:large","max-video-preview":"max-video-preview:-1"},"canonical":"https:\/\/lapoderosagoods.com\/de\/produkt\/set-completo-soporte-para-alforjas-ambos-lados-y-porta-maletas-bmw-r80-g-s-y-r80st-negro-satinado\/","og_locale":"de_DE","og_type":"article","og_title":"Komplett-Sei Satteltaschenhalter (beidseitig) mit Gep\u00e4cktr\u00e4ger fur Bmw R80 g\/s und R80st satin schwarz - La Poderosa Goods - Satteltaschen, Gep\u00e4ck und Premium-Motorradzubeh\u00f6r","og_description":"Stahlrahmen in Satin Black Finish f\u00fcr BMW R80 g\/s und R80 st Zum Anschrauben am hinteren Hilfsrahmen und auch an den Fu\u00dfrasten. Der Gep\u00e4cktr\u00e4ger wird mit den Halterungen und dem rahmen des Fahrrads verschraubt. Eingebrannte Oberfl\u00e4che mit hochbest\u00e4ndiger Epoxidfarbe. \u00a0Klassic\u00a0und minimalistisch, perfekt auch mit der entfernten Seitentasche. Sehr solide Struktur f\u00fcr Lasten von bis zu [...]","og_url":"https:\/\/lapoderosagoods.com\/produkt\/set-completo-soporte-para-alforjas-ambos-lados-y-porta-maletas-bmw-r80-g-s-y-r80st-negro-satinado\/","og_site_name":"La Poderosa Goods - Satteltaschen, Gep\u00e4ck und Premium-Motorradzubeh\u00f6r","article_modified_time":"2022-06-06T06:44:55+00:00","og_image":[{"width":2560,"height":1920,"url":"https:\/\/lapoderosagoods.com\/wp-content\/uploads\/2021\/06\/rear-luggage-carrier-and-LHS-rack-in-gs-tuareg-blue--scaled.jpg","path":"\/home\/spainmot\/lapoderosagoods\/wp-content\/uploads\/2021\/06\/rear-luggage-carrier-and-LHS-rack-in-gs-tuareg-blue--scaled.jpg","size":"full","id":13323,"alt":"","pixels":4915200,"type":"image\/jpeg"}],"twitter_card":"summary_large_image","schema":{"@context":"https:\/\/schema.org","@graph":[{"@type":"Organization","@id":"https:\/\/lapoderosagoods.com\/#organization","name":"La Poderosa Classic Goods","url":"https:\/\/lapoderosagoods.com\/","sameAs":[],"logo":{"@type":"ImageObject","@id":"https:\/\/lapoderosagoods.com\/#logo","inLanguage":"de-DE","url":"https:\/\/lapoderosagoods.com\/wp-content\/uploads\/2019\/10\/poderosa.png","contentUrl":"https:\/\/lapoderosagoods.com\/wp-content\/uploads\/2019\/10\/poderosa.png","width":290,"height":209,"caption":"La Poderosa Classic Goods"},"image":{"@id":"https:\/\/lapoderosagoods.com\/#logo"}},{"@type":"WebSite","@id":"https:\/\/lapoderosagoods.com\/#website","url":"https:\/\/lapoderosagoods.com\/","name":"La Poderosa Goods - Satteltaschen, Gep\u00e4ck und Premium-Motorradzubeh\u00f6r","description":"Gep\u00e4ck, St\u00e4nder, Satteltaschen und Zubeh\u00f6r f\u00fcr Klassiker, Caf\u00e9 Racer oder Adventure Bikes. ","publisher":{"@id":"https:\/\/lapoderosagoods.com\/#organization"},"potentialAction":[{"@type":"SearchAction","target":{"@type":"EntryPoint","urlTemplate":"https:\/\/lapoderosagoods.com\/?s={search_term_string}"},"query-input":"required name=search_term_string"}],"inLanguage":"de-DE"},{"@type":"ImageObject","@id":"https:\/\/lapoderosagoods.com\/produkt\/set-completo-soporte-para-alforjas-ambos-lados-y-porta-maletas-bmw-r80-g-s-y-r80st-negro-satinado\/#primaryimage","inLanguage":"de-DE","url":"https:\/\/lapoderosagoods.com\/wp-content\/uploads\/2021\/06\/rear-luggage-carrier-and-LHS-rack-in-gs-tuareg-blue--scaled.jpg","contentUrl":"https:\/\/lapoderosagoods.com\/wp-content\/uploads\/2021\/06\/rear-luggage-carrier-and-LHS-rack-in-gs-tuareg-blue--scaled.jpg","width":2560,"height":1920},{"@type":"WebPage","@id":"https:\/\/lapoderosagoods.com\/produkt\/set-completo-soporte-para-alforjas-ambos-lados-y-porta-maletas-bmw-r80-g-s-y-r80st-negro-satinado\/#webpage","url":"https:\/\/lapoderosagoods.com\/produkt\/set-completo-soporte-para-alforjas-ambos-lados-y-porta-maletas-bmw-r80-g-s-y-r80st-negro-satinado\/","name":"Komplett-Sei Satteltaschenhalter (beidseitig) mit Gep\u00e4cktr\u00e4ger fur Bmw R80 g\/s und R80st satin schwarz - La Poderosa Goods - Satteltaschen, Gep\u00e4ck und Premium-Motorradzubeh\u00f6r","isPartOf":{"@id":"https:\/\/lapoderosagoods.com\/#website"},"primaryImageOfPage":{"@id":"https:\/\/lapoderosagoods.com\/produkt\/set-completo-soporte-para-alforjas-ambos-lados-y-porta-maletas-bmw-r80-g-s-y-r80st-negro-satinado\/#primaryimage"},"datePublished":"2021-06-25T10:06:40+00:00","dateModified":"2022-06-06T06:44:55+00:00","breadcrumb":{"@id":"https:\/\/lapoderosagoods.com\/produkt\/set-completo-soporte-para-alforjas-ambos-lados-y-porta-maletas-bmw-r80-g-s-y-r80st-negro-satinado\/#breadcrumb"},"inLanguage":"de-DE","potentialAction":[{"@type":"ReadAction","target":["https:\/\/lapoderosagoods.com\/produkt\/set-completo-soporte-para-alforjas-ambos-lados-y-porta-maletas-bmw-r80-g-s-y-r80st-negro-satinado\/"]}]},{"@type":"BreadcrumbList","@id":"https:\/\/lapoderosagoods.com\/produkt\/set-completo-soporte-para-alforjas-ambos-lados-y-porta-maletas-bmw-r80-g-s-y-r80st-negro-satinado\/#breadcrumb","itemListElement":[{"@type":"ListItem","position":1,"name":"Portada","item":"https:\/\/lapoderosagoods.com\/"},{"@type":"ListItem","position":2,"name":"Produkte","item":"https:\/\/lapoderosagoods.com\/de\/produkte\/"},{"@type":"ListItem","position":3,"name":"Komplett-Sei Satteltaschenhalter (beidseitig) mit Gep\u00e4cktr\u00e4ger fur Bmw R80 g\/s und R80st satin schwarz"}]}]}},"_links":{"self":[{"href":"https:\/\/lapoderosagoods.com\/de\/wp-json\/wp\/v2\/product\/9296"}],"collection":[{"href":"https:\/\/lapoderosagoods.com\/de\/wp-json\/wp\/v2\/product"}],"about":[{"href":"https:\/\/lapoderosagoods.com\/de\/wp-json\/wp\/v2\/types\/product"}],"replies":[{"embeddable":true,"href":"https:\/\/lapoderosagoods.com\/de\/wp-json\/wp\/v2\/comments?post=9296"}],"wp:featuredmedia":[{"embeddable":true,"href":"https:\/\/lapoderosagoods.com\/de\/wp-json\/wp\/v2\/media\/13323"}],"wp:attachment":[{"href":"https:\/\/lapoderosagoods.com\/de\/wp-json\/wp\/v2\/media?parent=9296"}],"wp:term":[{"taxonomy":"product_cat","embeddable":true,"href":"https:\/\/lapoderosagoods.com\/de\/wp-json\/wp\/v2\/product_cat?post=9296"},{"taxonomy":"product_tag","embeddable":true,"href":"https:\/\/lapoderosagoods.com\/de\/wp-json\/wp\/v2\/product_tag?post=9296"}],"curies":[{"name":"wp","href":"https:\/\/api.w.org\/{rel}","templated":true}]}}