{"id":2916,"date":"2021-06-24T10:14:19","date_gmt":"2021-06-24T08:14:19","guid":{"rendered":"https:\/\/lapoderosagoods.spainmotoexperiences.es\/dein-motorrad\/bmw\/"},"modified":"2025-05-26T13:02:31","modified_gmt":"2025-05-26T11:02:31","slug":"bmw","status":"publish","type":"page","link":"https:\/\/lapoderosagoods.com\/de\/dein-motorrad\/bmw\/","title":{"rendered":"BMW"},"content":{"rendered":"\n  <div id=\"page-header-73687032\" class=\"page-header-wrapper\">\n  <div class=\"page-title dark normal-title\">\n\n        <div class=\"page-title-bg\">\n      <div class=\"title-bg fill bg-fill\"\n        data-parallax-container=\".page-title\"\n        data-parallax-background\n        data-parallax=\"-\">\n      <\/div>\n      <div class=\"title-overlay fill\"><\/div>\n    <\/div>\n    \n    <div class=\"page-title-inner container align-center text-center flex-row-col medium-flex-wrap\" >\n              <div class=\"title-wrapper uppercase flex-col\">\n          <h1 class=\"entry-title mb-0\">\n            BMW          <\/h1>\n        <\/div>\n                    <div class=\"title-content flex-col\">\n        <ul class=\"nav sm-touch-scroll nav-line nav-uppercase text-center nav-center\"><li class=\"nav-single-page hidden\"><\/li><\/ul>      <\/div>\n    <\/div>\n\n     \n<style>\n#page-header-73687032 .page-title-inner {\n  min-height: 200px;\n}\n#page-header-73687032 .title-bg {\n  background-image: url(https:\/\/lapoderosagoods.com\/wp-content\/uploads\/2021\/06\/lapoderosagoods-BMW.png);\n}\n<\/style>\n  <\/div>\n    <\/div>\n  \n\n<div class=\"row align-center\"  id=\"row-887643276\">\n\n\n\t<div id=\"col-1174164611\" class=\"col medium-3 small-12 large-3\"  >\n\t\t<div class=\"col-inner\"  >\n\t\t\t\n\t\t\t\n\n\t<div class=\"box has-hover   has-hover box-text-bottom\" >\n\n\t\t<div class=\"box-image\" >\n\t\t\t<a href=\"\/de\/tag\/BMW-R-2V-de\/\"  >\t\t\t<div class=\"\" >\n\t\t\t\t<img width=\"600\" height=\"400\" src=\"https:\/\/lapoderosagoods.com\/wp-content\/uploads\/2021\/06\/lapoderosagoods-BMW-airhead.jpg\" class=\"attachment- size-\" alt=\"BMW Airhead La Poderosa\" loading=\"lazy\" \/>\t\t\t\t\t\t\t\t\t\t\t<\/div>\n\t\t\t<\/a>\t\t<\/div>\n\n\t\t<div class=\"box-text text-center\" >\n\t\t\t<div class=\"box-text-inner\">\n\t\t\t\t\n\n\t<div id=\"text-3277307846\" class=\"text\">\n\t\t\n\n<h2><a href=\"\/de\/tag\/BMW-R-2V-de\/\">BMW R 2V<\/a><\/h2>\n\t\t\n<style>\n#text-3277307846 {\n  font-size: 0.75rem;\n  line-height: 0.75;\n  text-align: center;\n}\n<\/style>\n\t<\/div>\n\t\n\n\t\t\t<\/div>\n\t\t<\/div>\n\t<\/div>\n\t\n\n\t\t<\/div>\n\t\t\t<\/div>\n\n\t\n\n\t<div id=\"col-1501305826\" class=\"col medium-3 small-12 large-3\"  >\n\t\t<div class=\"col-inner\"  >\n\t\t\t\n\t\t\t\n\n\t<div class=\"box has-hover   has-hover box-text-bottom\" >\n\n\t\t<div class=\"box-image\" >\n\t\t\t<a href=\"\/de\/tag\/bmw-ce-04-de\/\"  >\t\t\t<div class=\"\" >\n\t\t\t\t<img width=\"600\" height=\"400\" src=\"https:\/\/lapoderosagoods.com\/wp-content\/uploads\/2022\/10\/lapoderosagoods-Bmw-CE-04.jpg\" class=\"attachment- size-\" alt=\"\" loading=\"lazy\" \/>\t\t\t\t\t\t\t\t\t\t\t<\/div>\n\t\t\t<\/a>\t\t<\/div>\n\n\t\t<div class=\"box-text text-center\" >\n\t\t\t<div class=\"box-text-inner\">\n\t\t\t\t\n\n\t<div id=\"text-1728371830\" class=\"text\">\n\t\t\n\n<h2><a href=\"\/de\/tag\/bmw-ce-04-de\/\">BMW CE 04<\/a><\/h2>\n\t\t\n<style>\n#text-1728371830 {\n  font-size: 0.75rem;\n  line-height: 0.75;\n  text-align: center;\n}\n<\/style>\n\t<\/div>\n\t\n\n\t\t\t<\/div>\n\t\t<\/div>\n\t<\/div>\n\t\n\n\t\t<\/div>\n\t\t\t<\/div>\n\n\t\n\n\t<div id=\"col-80233509\" class=\"col medium-3 small-12 large-3\"  >\n\t\t<div class=\"col-inner\"  >\n\t\t\t\n\t\t\t\n\n\t<div class=\"box has-hover   has-hover box-text-bottom\" >\n\n\t\t<div class=\"box-image\" >\n\t\t\t<a href=\"\/de\/tag\/bmw-f650-800-gs-de\/\"  >\t\t\t<div class=\"\" >\n\t\t\t\t<img width=\"600\" height=\"400\" src=\"https:\/\/lapoderosagoods.com\/wp-content\/uploads\/2021\/11\/lapoderosagoods-Bmw-F650-800-GS.jpg\" class=\"attachment- size-\" alt=\"\" loading=\"lazy\" \/>\t\t\t\t\t\t\t\t\t\t\t<\/div>\n\t\t\t<\/a>\t\t<\/div>\n\n\t\t<div class=\"box-text text-center\" >\n\t\t\t<div class=\"box-text-inner\">\n\t\t\t\t\n\n\t<div id=\"text-3184565601\" class=\"text\">\n\t\t\n\n<h2><a href=\"\/de\/tag\/bmw-f650-800-gs-de\/\">BMW F650\/800 GS<\/a><\/h2>\n\t\t\n<style>\n#text-3184565601 {\n  font-size: 0.75rem;\n  line-height: 0.75;\n  text-align: center;\n}\n<\/style>\n\t<\/div>\n\t\n\n\t\t\t<\/div>\n\t\t<\/div>\n\t<\/div>\n\t\n\n\t\t<\/div>\n\t\t\t<\/div>\n\n\t\n\n\t<div id=\"col-444634760\" class=\"col medium-3 small-12 large-3\"  >\n\t\t<div class=\"col-inner\"  >\n\t\t\t\n\t\t\t\n\n\t<div class=\"box has-hover   has-hover box-text-bottom\" >\n\n\t\t<div class=\"box-image\" >\n\t\t\t<a href=\"\/de\/tag\/bmw-ninet-de\/\"  >\t\t\t<div class=\"\" >\n\t\t\t\t<img width=\"600\" height=\"400\" src=\"https:\/\/lapoderosagoods.com\/wp-content\/uploads\/2021\/06\/lapoderosagoods-BMW-rninet.jpg\" class=\"attachment- size-\" alt=\"\" loading=\"lazy\" \/>\t\t\t\t\t\t\t\t\t\t\t<\/div>\n\t\t\t<\/a>\t\t<\/div>\n\n\t\t<div class=\"box-text text-center\" >\n\t\t\t<div class=\"box-text-inner\">\n\t\t\t\t\n\n\t<div id=\"text-3017069845\" class=\"text\">\n\t\t\n\n<h2><a href=\"\/de\/tag\/bmw-ninet-de\/\">BMW nineT<\/a><\/h2>\n\t\t\n<style>\n#text-3017069845 {\n  font-size: 0.75rem;\n  line-height: 0.75;\n  text-align: center;\n}\n<\/style>\n\t<\/div>\n\t\n\n\t\t\t<\/div>\n\t\t<\/div>\n\t<\/div>\n\t\n\n\t\t<\/div>\n\t\t\t<\/div>\n\n\t\n\n\t<div id=\"col-1052666233\" class=\"col medium-3 small-12 large-3\"  >\n\t\t<div class=\"col-inner\"  >\n\t\t\t\n\t\t\t\n\n\t<div class=\"box has-hover   has-hover box-text-bottom\" >\n\n\t\t<div class=\"box-image\" >\n\t\t\t<a href=\"\/de\/tag\/bmw-r18-de\/\"  >\t\t\t<div class=\"\" >\n\t\t\t\t<img width=\"600\" height=\"400\" src=\"https:\/\/lapoderosagoods.com\/wp-content\/uploads\/2021\/06\/lapoderosagoods-BMW-r18.jpg\" class=\"attachment- size-\" alt=\"\" loading=\"lazy\" \/>\t\t\t\t\t\t\t\t\t\t\t<\/div>\n\t\t\t<\/a>\t\t<\/div>\n\n\t\t<div class=\"box-text text-center\" >\n\t\t\t<div class=\"box-text-inner\">\n\t\t\t\t\n\n\t<div id=\"text-3531528389\" class=\"text\">\n\t\t\n\n<h2><a href=\"\/de\/tag\/bmw-r18-de\/\">BMW R18<\/a><\/h2>\n\t\t\n<style>\n#text-3531528389 {\n  font-size: 0.75rem;\n  line-height: 0.75;\n  text-align: center;\n}\n<\/style>\n\t<\/div>\n\t\n\n\t\t\t<\/div>\n\t\t<\/div>\n\t<\/div>\n\t\n\n\t\t<\/div>\n\t\t\t<\/div>\n\n\t\n\n\t<div id=\"col-770499992\" class=\"col medium-3 small-12 large-3\"  >\n\t\t<div class=\"col-inner\"  >\n\t\t\t\n\t\t\t\n\n\t<div class=\"box has-hover   has-hover box-text-bottom\" >\n\n\t\t<div class=\"box-image\" >\n\t\t\t<a href=\"\/de\/tag\/bmw-r50-2-r69-3\/\"  >\t\t\t<div class=\"\" >\n\t\t\t\t<img width=\"600\" height=\"400\" src=\"https:\/\/lapoderosagoods.com\/wp-content\/uploads\/2024\/07\/lapoderosagoods-Bmw-R50-2-R69-3-.jpg\" class=\"attachment- size-\" alt=\"Bmw R50\/2 - R69-3\" loading=\"lazy\" \/>\t\t\t\t\t\t\t\t\t\t\t<\/div>\n\t\t\t<\/a>\t\t<\/div>\n\n\t\t<div class=\"box-text text-center\" >\n\t\t\t<div class=\"box-text-inner\">\n\t\t\t\t\n\n\t<div id=\"text-2846732413\" class=\"text\">\n\t\t\n\n<h2><a href=\"\/de\/tag\/bmw-r50-2-r69-3\/\">BMW R50\/2 &#8211; R69-3<\/a><\/h2>\n\t\t\n<style>\n#text-2846732413 {\n  font-size: 0.75rem;\n  line-height: 0.75;\n  text-align: center;\n}\n<\/style>\n\t<\/div>\n\t\n\n\t\t\t<\/div>\n\t\t<\/div>\n\t<\/div>\n\t\n\n\t\t<\/div>\n\t\t\t<\/div>\n\n\t\n\n\t<div id=\"col-1599204843\" class=\"col medium-3 small-12 large-3\"  >\n\t\t<div class=\"col-inner\"  >\n\t\t\t\n\t\t\t\n\n\t<div class=\"box has-hover   has-hover box-text-bottom\" >\n\n\t\t<div class=\"box-image\" >\n\t\t\t<a href=\"\/de\/tag\/bmw-r80-100-gs-de\/\"  >\t\t\t<div class=\"\" >\n\t\t\t\t<img width=\"600\" height=\"400\" src=\"https:\/\/lapoderosagoods.com\/wp-content\/uploads\/2021\/06\/lapoderosagoods-BMW-r100gs.jpg\" class=\"attachment- size-\" alt=\"\" loading=\"lazy\" \/>\t\t\t\t\t\t\t\t\t\t\t<\/div>\n\t\t\t<\/a>\t\t<\/div>\n\n\t\t<div class=\"box-text text-center\" >\n\t\t\t<div class=\"box-text-inner\">\n\t\t\t\t\n\n\t<div id=\"text-4276931662\" class=\"text\">\n\t\t\n\n<h2><a href=\"\/de\/tag\/bmw-r80-100-gs-de\/\">BMW R80\/100 GS<\/a><\/h2>\n\t\t\n<style>\n#text-4276931662 {\n  font-size: 0.75rem;\n  line-height: 0.75;\n  text-align: center;\n}\n<\/style>\n\t<\/div>\n\t\n\n\t\t\t<\/div>\n\t\t<\/div>\n\t<\/div>\n\t\n\n\t\t<\/div>\n\t\t\t<\/div>\n\n\t\n\n\t<div id=\"col-959402363\" class=\"col medium-3 small-12 large-3\"  >\n\t\t<div class=\"col-inner\"  >\n\t\t\t\n\t\t\t\n\n\t<div class=\"box has-hover   has-hover box-text-bottom\" >\n\n\t\t<div class=\"box-image\" >\n\t\t\t<a href=\"\/de\/tag\/bmw-r80-g-s-st-de\/\"  >\t\t\t<div class=\"\" >\n\t\t\t\t<img width=\"600\" height=\"400\" src=\"https:\/\/lapoderosagoods.com\/wp-content\/uploads\/2021\/06\/lapoderosagoods-BMW-r100g-s.jpg\" class=\"attachment- size-\" alt=\"BMW R100 G\/S La Poderosa\" loading=\"lazy\" \/>\t\t\t\t\t\t\t\t\t\t\t<\/div>\n\t\t\t<\/a>\t\t<\/div>\n\n\t\t<div class=\"box-text text-center\" >\n\t\t\t<div class=\"box-text-inner\">\n\t\t\t\t\n\n\t<div id=\"text-4001991568\" class=\"text\">\n\t\t\n\n<h2><a href=\"\/de\/tag\/bmw-r80-g-s-st-de\/\">BMW R80 G\/S und ST<\/a><\/h2>\n\t\t\n<style>\n#text-4001991568 {\n  font-size: 0.75rem;\n  line-height: 0.75;\n  text-align: center;\n}\n<\/style>\n\t<\/div>\n\t\n\n\t\t\t<\/div>\n\t\t<\/div>\n\t<\/div>\n\t\n\n\t\t<\/div>\n\t\t\t<\/div>\n\n\t\n\n\t<div id=\"col-1784477027\" class=\"col medium-3 small-12 large-3\"  >\n\t\t<div class=\"col-inner\"  >\n\t\t\t\n\t\t\t\n\n\t<div class=\"box has-hover   has-hover box-text-bottom\" >\n\n\t\t<div class=\"box-image\" >\n\t\t\t<a href=\"\/de\/tag\/bmw-850-1200-c-de\/\"  >\t\t\t<div class=\"\" >\n\t\t\t\t<img width=\"600\" height=\"400\" src=\"https:\/\/lapoderosagoods.com\/wp-content\/uploads\/2021\/06\/lapoderosagoods-BMW-r850.jpg\" class=\"attachment- size-\" alt=\"BMW R850 La Poderosa\" loading=\"lazy\" \/>\t\t\t\t\t\t\t\t\t\t\t<\/div>\n\t\t\t<\/a>\t\t<\/div>\n\n\t\t<div class=\"box-text text-center\" >\n\t\t\t<div class=\"box-text-inner\">\n\t\t\t\t\n\n\t<div id=\"text-2985382621\" class=\"text\">\n\t\t\n\n<h2><a href=\"\/de\/tag\/bmw-850-1200-c-de\/\">BMW 850\/1200C<\/a><\/h2>\n\t\t\n<style>\n#text-2985382621 {\n  font-size: 0.75rem;\n  line-height: 0.75;\n  text-align: center;\n}\n<\/style>\n\t<\/div>\n\t\n\n\t\t\t<\/div>\n\t\t<\/div>\n\t<\/div>\n\t\n\n\t\t<\/div>\n\t\t\t<\/div>\n\n\t\n\n\t<div id=\"col-1641605360\" class=\"col medium-3 small-12 large-3\"  >\n\t\t<div class=\"col-inner\"  >\n\t\t\t\n\t\t\t\n\n\t<div class=\"box has-hover   has-hover box-text-bottom\" >\n\n\t\t<div class=\"box-image\" >\n\t\t\t<a href=\"\/de\/tag\/bmw-r12-cruiser-de\/\"  >\t\t\t<div class=\"\" >\n\t\t\t\t<img width=\"600\" height=\"400\" src=\"https:\/\/lapoderosagoods.com\/wp-content\/uploads\/2024\/05\/lapoderosagoods-Bmw-r12-cruiser.jpg\" class=\"attachment- size-\" alt=\"BMW R12 Cruiser\" loading=\"lazy\" \/>\t\t\t\t\t\t\t\t\t\t\t<\/div>\n\t\t\t<\/a>\t\t<\/div>\n\n\t\t<div class=\"box-text text-center\" >\n\t\t\t<div class=\"box-text-inner\">\n\t\t\t\t\n\n\t<div id=\"text-31586097\" class=\"text\">\n\t\t\n\n<h2><a href=\"\/de\/tag\/bmw-r12-cruiser-de\/\">BMW R12 Cruiser<\/a><\/h2>\n\t\t\n<style>\n#text-31586097 {\n  font-size: 0.75rem;\n  line-height: 0.75;\n  text-align: center;\n}\n<\/style>\n\t<\/div>\n\t\n\n\t\t\t<\/div>\n\t\t<\/div>\n\t<\/div>\n\t\n\n\t\t<\/div>\n\t\t\t<\/div>\n\n\t\n\n\t<div id=\"col-399266262\" class=\"col medium-3 small-12 large-3\"  >\n\t\t<div class=\"col-inner\"  >\n\t\t\t\n\t\t\t\n\n\t<div class=\"box has-hover   has-hover box-text-bottom\" >\n\n\t\t<div class=\"box-image\" >\n\t\t\t<a href=\"\/de\/tag\/bmw-r12-g-s-de\/\"  >\t\t\t<div class=\"\" >\n\t\t\t\t<img width=\"600\" height=\"400\" src=\"https:\/\/lapoderosagoods.com\/wp-content\/uploads\/2025\/05\/lapoderosagoods-Bmw-r12-gs.jpg\" class=\"attachment- size-\" alt=\"La Poderosa Goods BMW R12 G\/S\" loading=\"lazy\" \/>\t\t\t\t\t\t\t\t\t\t\t<\/div>\n\t\t\t<\/a>\t\t<\/div>\n\n\t\t<div class=\"box-text text-center\" >\n\t\t\t<div class=\"box-text-inner\">\n\t\t\t\t\n\n\t<div id=\"text-2863431795\" class=\"text\">\n\t\t\n\n<h2><a href=\"\/de\/tag\/bmw-r12-g-s-de\/\">BMW R12 G\/S<\/a><\/h2>\n\t\t\n<style>\n#text-2863431795 {\n  font-size: 0.75rem;\n  line-height: 0.75;\n  text-align: center;\n}\n<\/style>\n\t<\/div>\n\t\n\n\t\t\t<\/div>\n\t\t<\/div>\n\t<\/div>\n\t\n\n\t\t<\/div>\n\t\t\t<\/div>\n\n\t\n\n\t<div id=\"col-854993458\" class=\"col medium-3 small-12 large-3\"  >\n\t\t<div class=\"col-inner\"  >\n\t\t\t\n\t\t\t\n\n\t<div class=\"box has-hover   has-hover box-text-bottom\" >\n\n\t\t<div class=\"box-image\" >\n\t\t\t<a href=\"\/de\/tag\/bmw-r12-ninet-de\/\"  >\t\t\t<div class=\"\" >\n\t\t\t\t<img width=\"600\" height=\"400\" src=\"https:\/\/lapoderosagoods.com\/wp-content\/uploads\/2024\/05\/lapoderosagoods-Bmw-r12-nineT.jpg\" class=\"attachment- size-\" alt=\"BMW R12 nineT\" loading=\"lazy\" \/>\t\t\t\t\t\t\t\t\t\t\t<\/div>\n\t\t\t<\/a>\t\t<\/div>\n\n\t\t<div class=\"box-text text-center\" >\n\t\t\t<div class=\"box-text-inner\">\n\t\t\t\t\n\n\t<div id=\"text-2221308518\" class=\"text\">\n\t\t\n\n<h2><a href=\"\/de\/tag\/bmw-r12-ninet-de\/\">BMW R12 nineT<\/a><\/h2>\n\t\t\n<style>\n#text-2221308518 {\n  font-size: 0.75rem;\n  line-height: 0.75;\n  text-align: center;\n}\n<\/style>\n\t<\/div>\n\t\n\n\t\t\t<\/div>\n\t\t<\/div>\n\t<\/div>\n\t\n\n\t\t<\/div>\n\t\t\t<\/div>\n\n\t\n\n\t<div id=\"col-596513705\" class=\"col medium-3 small-12 large-3\"  >\n\t\t<div class=\"col-inner\"  >\n\t\t\t\n\t\t\t\n\n\t<div class=\"box has-hover   has-hover box-text-bottom\" >\n\n\t\t<div class=\"box-image\" >\n\t\t\t<a href=\"\/de\/tag\/bmw-r1200-1250-gs-de\/\"  >\t\t\t<div class=\"\" >\n\t\t\t\t<img width=\"600\" height=\"400\" src=\"https:\/\/lapoderosagoods.com\/wp-content\/uploads\/2021\/06\/lapoderosagoods-BMW-r1200.jpg\" class=\"attachment- size-\" alt=\"BMW R1200 La Poderosa\" loading=\"lazy\" \/>\t\t\t\t\t\t\t\t\t\t\t<\/div>\n\t\t\t<\/a>\t\t<\/div>\n\n\t\t<div class=\"box-text text-center\" >\n\t\t\t<div class=\"box-text-inner\">\n\t\t\t\t\n\n\t<div id=\"text-3296514112\" class=\"text\">\n\t\t\n\n<h2><a href=\"\/de\/tag\/bmw-r1200-1250-gs-de\/\">BMW R1200\/1250 GS<\/a><\/h2>\n\t\t\n<style>\n#text-3296514112 {\n  font-size: 0.75rem;\n  line-height: 0.75;\n  text-align: center;\n}\n<\/style>\n\t<\/div>\n\t\n\n\t\t\t<\/div>\n\t\t<\/div>\n\t<\/div>\n\t\n\n\t\t<\/div>\n\t\t\t<\/div>\n\n\t\n\n\t<div id=\"col-1642470157\" class=\"col medium-3 small-12 large-3\"  >\n\t\t<div class=\"col-inner\"  >\n\t\t\t\n\t\t\t\n\n\t<div class=\"box has-hover   has-hover box-text-bottom\" >\n\n\t\t<div class=\"box-image\" >\n\t\t\t<a href=\"\/de\/tag\/bmw-g310gs-de\/\"  >\t\t\t<div class=\"\" >\n\t\t\t\t<img width=\"600\" height=\"400\" src=\"https:\/\/lapoderosagoods.com\/wp-content\/uploads\/2023\/06\/lapoderosagoods-Bmw-G310GS.jpg\" class=\"attachment- size-\" alt=\"\" loading=\"lazy\" \/>\t\t\t\t\t\t\t\t\t\t\t<\/div>\n\t\t\t<\/a>\t\t<\/div>\n\n\t\t<div class=\"box-text text-center\" >\n\t\t\t<div class=\"box-text-inner\">\n\t\t\t\t\n\n\t<div id=\"text-1011165761\" class=\"text\">\n\t\t\n\n<h2><a href=\"\/de\/tag\/bmw-g310gs-de\/\">BMW G310 GS<\/a><\/h2>\n\t\t\n<style>\n#text-1011165761 {\n  font-size: 0.75rem;\n  line-height: 0.75;\n  text-align: center;\n}\n<\/style>\n\t<\/div>\n\t\n\n\t\t\t<\/div>\n\t\t<\/div>\n\t<\/div>\n\t\n\n\t\t<\/div>\n\t\t\t<\/div>\n\n\t\n\n\t<div id=\"col-1049206552\" class=\"col medium-3 small-12 large-3\"  >\n\t\t<div class=\"col-inner\"  >\n\t\t\t\n\t\t\t\n\n\t<div class=\"box has-hover   has-hover box-text-bottom\" >\n\n\t\t<div class=\"box-image\" >\n\t\t\t<a href=\"\/de\/tag\/bmw-r1150-gs-de\/\"  >\t\t\t<div class=\"\" >\n\t\t\t\t<img width=\"600\" height=\"400\" src=\"https:\/\/lapoderosagoods.com\/wp-content\/uploads\/2023\/06\/lapoderosagoods-Bmw-R1150GS.jpg\" class=\"attachment- size-\" alt=\"\" loading=\"lazy\" \/>\t\t\t\t\t\t\t\t\t\t\t<\/div>\n\t\t\t<\/a>\t\t<\/div>\n\n\t\t<div class=\"box-text text-center\" >\n\t\t\t<div class=\"box-text-inner\">\n\t\t\t\t\n\n\t<div id=\"text-2299352739\" class=\"text\">\n\t\t\n\n<h2><a href=\"\/de\/tag\/bmw-r1150-gs-de\/\">BMW R1150 GS<\/a><\/h2>\n\t\t\n<style>\n#text-2299352739 {\n  font-size: 0.75rem;\n  line-height: 0.75;\n  text-align: center;\n}\n<\/style>\n\t<\/div>\n\t\n\n\t\t\t<\/div>\n\t\t<\/div>\n\t<\/div>\n\t\n\n\t\t<\/div>\n\t\t\t<\/div>\n\n\t\n\n\n<style>\n#row-887643276 > .col > .col-inner {\n  padding: 35px 0px 0px 0px;\n}\n<\/style>\n<\/div>\n<div class=\"is-divider divider clearfix\" style=\"max-width:100%;height:5px;\"><\/div>\n\n\t<div id=\"text-3826789163\" class=\"text\">\n\t\t\n\n<p>Sie k\u00f6nnen Ihr Modell nicht finden? Versuchen Sie es mit der Suchmaschine:<\/p>\n\t\t\n<style>\n#text-3826789163 {\n  text-align: center;\n}\n<\/style>\n\t<\/div>\n\t\n<div class=\"searchform-wrapper ux-search-box relative form-flat is-normal\"><form role=\"search\" method=\"get\" class=\"searchform\" action=\"https:\/\/lapoderosagoods.com\/de\/\">\n\t<div class=\"flex-row relative\">\n\t\t\t\t\t\t<div class=\"flex-col flex-grow\">\n\t\t\t<label class=\"screen-reader-text\" for=\"woocommerce-product-search-field-0\">Suche nach:<\/label>\n\t\t\t<input type=\"search\" id=\"woocommerce-product-search-field-0\" class=\"search-field mb-0\" placeholder=\"Suche&hellip;\" value=\"\" name=\"s\" \/>\n\t\t\t<input type=\"hidden\" name=\"post_type\" value=\"product\" \/>\n\t\t\t\t\t\t\t<input type=\"hidden\" name=\"lang\" value=\"de\" \/>\n\t\t\t\t\t<\/div>\n\t\t<div class=\"flex-col\">\n\t\t\t<button type=\"submit\" value=\"Suche\" class=\"ux-search-submit submit-button secondary button icon mb-0\" aria-label=\"Submit\">\n\t\t\t\t<i class=\"icon-search\" ><\/i>\t\t\t<\/button>\n\t\t<\/div>\n\t<\/div>\n\t<div class=\"live-search-results text-left z-top\"><\/div>\n<\/form>\n<\/div>\n\n\n\n\n<p><\/p>\n","protected":false},"excerpt":{"rendered":"","protected":false},"author":1,"featured_media":0,"parent":2902,"menu_order":0,"comment_status":"closed","ping_status":"closed","template":"","meta":{"spay_email":""},"yoast_head":"<!-- This site is optimized with the Yoast SEO plugin v16.8 - https:\/\/yoast.com\/wordpress\/plugins\/seo\/ -->\n<title>BMW - La Poderosa Goods - Satteltaschen, Gep\u00e4ck und Premium-Motorradzubeh\u00f6r<\/title>\n<meta name=\"robots\" content=\"index, follow, max-snippet:-1, max-image-preview:large, max-video-preview:-1\" \/>\n<link rel=\"canonical\" href=\"https:\/\/lapoderosagoods.com\/de\/dein-motorrad\/bmw\/\" \/>\n<meta property=\"og:locale\" content=\"de_DE\" \/>\n<meta property=\"og:type\" content=\"article\" \/>\n<meta property=\"og:title\" content=\"BMW - La Poderosa Goods - Satteltaschen, Gep\u00e4ck und Premium-Motorradzubeh\u00f6r\" \/>\n<meta property=\"og:url\" content=\"https:\/\/lapoderosagoods.com\/de\/dein-motorrad\/bmw\/\" \/>\n<meta property=\"og:site_name\" content=\"La Poderosa Goods - Satteltaschen, Gep\u00e4ck und Premium-Motorradzubeh\u00f6r\" \/>\n<meta property=\"article:modified_time\" content=\"2025-05-26T11:02:31+00:00\" \/>\n<meta property=\"og:image\" content=\"https:\/\/lapoderosagoods.com\/wp-content\/uploads\/2019\/10\/poderosa.png\" \/>\n\t<meta property=\"og:image:width\" content=\"290\" \/>\n\t<meta property=\"og:image:height\" content=\"209\" \/>\n<meta name=\"twitter:card\" content=\"summary_large_image\" \/>\n<meta name=\"twitter:label1\" content=\"Gesch\u00e4tzte Lesezeit\" \/>\n\t<meta name=\"twitter:data1\" content=\"3 Minuten\" \/>\n<script type=\"application\/ld+json\" class=\"yoast-schema-graph\">{\"@context\":\"https:\/\/schema.org\",\"@graph\":[{\"@type\":\"Organization\",\"@id\":\"https:\/\/lapoderosagoods.com\/#organization\",\"name\":\"La Poderosa Classic Goods\",\"url\":\"https:\/\/lapoderosagoods.com\/\",\"sameAs\":[],\"logo\":{\"@type\":\"ImageObject\",\"@id\":\"https:\/\/lapoderosagoods.com\/#logo\",\"inLanguage\":\"de-DE\",\"url\":\"https:\/\/lapoderosagoods.com\/wp-content\/uploads\/2019\/10\/poderosa.png\",\"contentUrl\":\"https:\/\/lapoderosagoods.com\/wp-content\/uploads\/2019\/10\/poderosa.png\",\"width\":290,\"height\":209,\"caption\":\"La Poderosa Classic Goods\"},\"image\":{\"@id\":\"https:\/\/lapoderosagoods.com\/#logo\"}},{\"@type\":\"WebSite\",\"@id\":\"https:\/\/lapoderosagoods.com\/#website\",\"url\":\"https:\/\/lapoderosagoods.com\/\",\"name\":\"La Poderosa Goods - Satteltaschen, Gep\\u00e4ck und Premium-Motorradzubeh\\u00f6r\",\"description\":\"Gep\\u00e4ck, St\\u00e4nder, Satteltaschen und Zubeh\\u00f6r f\\u00fcr Klassiker, Caf\\u00e9 Racer oder Adventure Bikes. \",\"publisher\":{\"@id\":\"https:\/\/lapoderosagoods.com\/#organization\"},\"potentialAction\":[{\"@type\":\"SearchAction\",\"target\":{\"@type\":\"EntryPoint\",\"urlTemplate\":\"https:\/\/lapoderosagoods.com\/?s={search_term_string}\"},\"query-input\":\"required name=search_term_string\"}],\"inLanguage\":\"de-DE\"},{\"@type\":\"WebPage\",\"@id\":\"https:\/\/lapoderosagoods.com\/de\/dein-motorrad\/bmw\/#webpage\",\"url\":\"https:\/\/lapoderosagoods.com\/de\/dein-motorrad\/bmw\/\",\"name\":\"BMW - La Poderosa Goods - Satteltaschen, Gep\\u00e4ck und Premium-Motorradzubeh\\u00f6r\",\"isPartOf\":{\"@id\":\"https:\/\/lapoderosagoods.com\/#website\"},\"datePublished\":\"2021-06-24T08:14:19+00:00\",\"dateModified\":\"2025-05-26T11:02:31+00:00\",\"breadcrumb\":{\"@id\":\"https:\/\/lapoderosagoods.com\/de\/dein-motorrad\/bmw\/#breadcrumb\"},\"inLanguage\":\"de-DE\",\"potentialAction\":[{\"@type\":\"ReadAction\",\"target\":[\"https:\/\/lapoderosagoods.com\/de\/dein-motorrad\/bmw\/\"]}]},{\"@type\":\"BreadcrumbList\",\"@id\":\"https:\/\/lapoderosagoods.com\/de\/dein-motorrad\/bmw\/#breadcrumb\",\"itemListElement\":[{\"@type\":\"ListItem\",\"position\":1,\"name\":\"Portada\",\"item\":\"https:\/\/lapoderosagoods.com\/\"},{\"@type\":\"ListItem\",\"position\":2,\"name\":\"Dein Motorrad\",\"item\":\"https:\/\/lapoderosagoods.com\/de\/dein-motorrad\/\"},{\"@type\":\"ListItem\",\"position\":3,\"name\":\"BMW\"}]}]}<\/script>\n<!-- \/ Yoast SEO plugin. -->","yoast_head_json":{"title":"BMW - La Poderosa Goods - Satteltaschen, Gep\u00e4ck und Premium-Motorradzubeh\u00f6r","robots":{"index":"index","follow":"follow","max-snippet":"max-snippet:-1","max-image-preview":"max-image-preview:large","max-video-preview":"max-video-preview:-1"},"canonical":"https:\/\/lapoderosagoods.com\/de\/dein-motorrad\/bmw\/","og_locale":"de_DE","og_type":"article","og_title":"BMW - La Poderosa Goods - Satteltaschen, Gep\u00e4ck und Premium-Motorradzubeh\u00f6r","og_url":"https:\/\/lapoderosagoods.com\/de\/dein-motorrad\/bmw\/","og_site_name":"La Poderosa Goods - Satteltaschen, Gep\u00e4ck und Premium-Motorradzubeh\u00f6r","article_modified_time":"2025-05-26T11:02:31+00:00","og_image":[{"width":290,"height":209,"url":"https:\/\/lapoderosagoods.com\/wp-content\/uploads\/2019\/10\/poderosa.png","path":"\/home\/spainmot\/lapoderosagoods\/wp-content\/uploads\/2019\/10\/poderosa.png","size":"full","id":269,"alt":"","pixels":60610,"type":"image\/png"}],"twitter_card":"summary_large_image","twitter_misc":{"Gesch\u00e4tzte Lesezeit":"3 Minuten"},"schema":{"@context":"https:\/\/schema.org","@graph":[{"@type":"Organization","@id":"https:\/\/lapoderosagoods.com\/#organization","name":"La Poderosa Classic Goods","url":"https:\/\/lapoderosagoods.com\/","sameAs":[],"logo":{"@type":"ImageObject","@id":"https:\/\/lapoderosagoods.com\/#logo","inLanguage":"de-DE","url":"https:\/\/lapoderosagoods.com\/wp-content\/uploads\/2019\/10\/poderosa.png","contentUrl":"https:\/\/lapoderosagoods.com\/wp-content\/uploads\/2019\/10\/poderosa.png","width":290,"height":209,"caption":"La Poderosa Classic Goods"},"image":{"@id":"https:\/\/lapoderosagoods.com\/#logo"}},{"@type":"WebSite","@id":"https:\/\/lapoderosagoods.com\/#website","url":"https:\/\/lapoderosagoods.com\/","name":"La Poderosa Goods - Satteltaschen, Gep\u00e4ck und Premium-Motorradzubeh\u00f6r","description":"Gep\u00e4ck, St\u00e4nder, Satteltaschen und Zubeh\u00f6r f\u00fcr Klassiker, Caf\u00e9 Racer oder Adventure Bikes. ","publisher":{"@id":"https:\/\/lapoderosagoods.com\/#organization"},"potentialAction":[{"@type":"SearchAction","target":{"@type":"EntryPoint","urlTemplate":"https:\/\/lapoderosagoods.com\/?s={search_term_string}"},"query-input":"required name=search_term_string"}],"inLanguage":"de-DE"},{"@type":"WebPage","@id":"https:\/\/lapoderosagoods.com\/de\/dein-motorrad\/bmw\/#webpage","url":"https:\/\/lapoderosagoods.com\/de\/dein-motorrad\/bmw\/","name":"BMW - La Poderosa Goods - Satteltaschen, Gep\u00e4ck und Premium-Motorradzubeh\u00f6r","isPartOf":{"@id":"https:\/\/lapoderosagoods.com\/#website"},"datePublished":"2021-06-24T08:14:19+00:00","dateModified":"2025-05-26T11:02:31+00:00","breadcrumb":{"@id":"https:\/\/lapoderosagoods.com\/de\/dein-motorrad\/bmw\/#breadcrumb"},"inLanguage":"de-DE","potentialAction":[{"@type":"ReadAction","target":["https:\/\/lapoderosagoods.com\/de\/dein-motorrad\/bmw\/"]}]},{"@type":"BreadcrumbList","@id":"https:\/\/lapoderosagoods.com\/de\/dein-motorrad\/bmw\/#breadcrumb","itemListElement":[{"@type":"ListItem","position":1,"name":"Portada","item":"https:\/\/lapoderosagoods.com\/"},{"@type":"ListItem","position":2,"name":"Dein Motorrad","item":"https:\/\/lapoderosagoods.com\/de\/dein-motorrad\/"},{"@type":"ListItem","position":3,"name":"BMW"}]}]}},"_links":{"self":[{"href":"https:\/\/lapoderosagoods.com\/de\/wp-json\/wp\/v2\/pages\/2916"}],"collection":[{"href":"https:\/\/lapoderosagoods.com\/de\/wp-json\/wp\/v2\/pages"}],"about":[{"href":"https:\/\/lapoderosagoods.com\/de\/wp-json\/wp\/v2\/types\/page"}],"author":[{"embeddable":true,"href":"https:\/\/lapoderosagoods.com\/de\/wp-json\/wp\/v2\/users\/1"}],"replies":[{"embeddable":true,"href":"https:\/\/lapoderosagoods.com\/de\/wp-json\/wp\/v2\/comments?post=2916"}],"version-history":[{"count":19,"href":"https:\/\/lapoderosagoods.com\/de\/wp-json\/wp\/v2\/pages\/2916\/revisions"}],"predecessor-version":[{"id":22220,"href":"https:\/\/lapoderosagoods.com\/de\/wp-json\/wp\/v2\/pages\/2916\/revisions\/22220"}],"up":[{"embeddable":true,"href":"https:\/\/lapoderosagoods.com\/de\/wp-json\/wp\/v2\/pages\/2902"}],"wp:attachment":[{"href":"https:\/\/lapoderosagoods.com\/de\/wp-json\/wp\/v2\/media?parent=2916"}],"curies":[{"name":"wp","href":"https:\/\/api.w.org\/{rel}","templated":true}]}}